{"id":5961,"date":"2025-02-24T15:58:41","date_gmt":"2025-02-24T14:58:41","guid":{"rendered":"https:\/\/dev.bertakomm-v3.berta-bewegt.ch\/referenzen\/"},"modified":"2025-02-24T15:58:41","modified_gmt":"2025-02-24T14:58:41","slug":"referenzen","status":"publish","type":"page","link":"https:\/\/bertakomm.ch\/fr\/referenzen\/","title":{"rendered":"Referenzen"},"content":{"rendered":"\n    <section class=\"referenzen-overview-block\" id=\"\">\n        <div class=\"loading-fade loading-fade-block\">\n            <div class=\"lds-dual-ring\"><\/div>\n        <\/div>\n\n        <div class=\"referenzen-overview-block-inner-container\">\n            <div class=\"referenzen-cards\" data-type=\"\">\n                <div class=\"referenz-cards-inner-wrapper\">\n    \n        <div class=\"referenz-card referenz-card-big scrollMagic-block visibleInBackend\" data-uid=\"69f282b4e15f9\">\n            <a href=\"https:\/\/bertakomm.ch\/referenz\/abstimmungskampagne-ja-zur-abschaffung-des-eigenmietwerts\/\" class=\"referenz-card-inner-container\" aria-label=\"ABSTIMMUNGSKAMPAGNE \u00ab\u00a0JA ZUR ABSCHAFFUNG DES EIGENMIETWERTS\u00a0\u00bb\">\n                <div class=\"referenz-card-thumbnail-block\">\n                                            <div class=\"referenz-card-thumbnail-desk\" style=\"background-image: url('https:\/\/bertakomm.ch\/wp-content\/uploads\/2025\/12\/Referenz-HEV-scaled.png')\">\n                            <img decoding=\"async\" src=\"https:\/\/bertakomm.ch\/wp-content\/themes\/bertakomm_new\/assets\/images\/placeholder_landscape.png\" alt=\"Placeholder\" \/>\n                        <\/div>\n                    \n                    <div class=\"referenz-card-thumbnail-mob\" style=\"background-image: url('https:\/\/bertakomm.ch\/wp-content\/uploads\/2025\/12\/Referenz-HEV-scaled.png')\">\n                        <img decoding=\"async\" src=\"https:\/\/bertakomm.ch\/wp-content\/themes\/bertakomm_new\/assets\/images\/placeholder_square.png\" alt=\"Placeholder\" \/>\n                    <\/div>\n                <\/div>\n\n                <div class=\"referenz-card-text-part\">\n                                            <p class=\"mb_0 text-white\">HEV Schweiz<\/p>\n                        <div class=\"kunden-divider\"><\/div>\n                    \n                    <h3 class=\"mb_0 h3-smaller-mob text-white \">ABSTIMMUNGSKAMPAGNE \u00ab\u00a0JA ZUR ABSCHAFFUNG DES EIGENMIETWERTS\u00a0\u00bb<\/h3>\n\n                                    <\/div>\n            <\/a>\n        <\/div>\n        \n        <div class=\"referenz-card  scrollMagic-block visibleInBackend\" data-uid=\"69f282b4e4130\">\n            <a href=\"https:\/\/bertakomm.ch\/referenz\/abstimmungskampagne-einheitliche-finanzierung\/\" class=\"referenz-card-inner-container\" aria-label=\"ABSTIMMUNGSKAMPAGNE \u00ab\u00a0JA ZUR EINHEITLICHEN FINANZIERUNG\u00a0\u00bb\u00a0\">\n                <div class=\"referenz-card-thumbnail-block\">\n                                            <div class=\"referenz-card-thumbnail-desk\" style=\"background-image: url('https:\/\/bertakomm.ch\/wp-content\/uploads\/2025\/04\/DSC01333-1000x1000.jpg')\">\n                            <img decoding=\"async\" src=\"https:\/\/bertakomm.ch\/wp-content\/themes\/bertakomm_new\/assets\/images\/placeholder_square.png\" alt=\"Placeholder\" \/>\n                        <\/div>\n                    \n                    <div class=\"referenz-card-thumbnail-mob\" style=\"background-image: url('https:\/\/bertakomm.ch\/wp-content\/uploads\/2025\/04\/DSC01333-scaled.jpg')\">\n                        <img decoding=\"async\" src=\"https:\/\/bertakomm.ch\/wp-content\/themes\/bertakomm_new\/assets\/images\/placeholder_square.png\" alt=\"Placeholder\" \/>\n                    <\/div>\n                <\/div>\n\n                <div class=\"referenz-card-text-part\">\n                                            <p class=\"mb_0 text-white\">Verein Gesundheitswesen mit Zukunft<\/p>\n                        <div class=\"kunden-divider\"><\/div>\n                    \n                    <h3 class=\"mb_0 h3-smaller-mob text-white \">ABSTIMMUNGSKAMPAGNE \u00ab\u00a0JA ZUR EINHEITLICHEN FINANZIERUNG\u00a0\u00bb\u00a0<\/h3>\n\n                                    <\/div>\n            <\/a>\n        <\/div>\n        \n        <div class=\"referenz-card  scrollMagic-block visibleInBackend\" data-uid=\"69f282b4e5e79\">\n            <a href=\"https:\/\/bertakomm.ch\/referenz\/zeka-rebranding-und-beratung\/\" class=\"referenz-card-inner-container\" aria-label=\"REBRANDING UND BERATUNG\">\n                <div class=\"referenz-card-thumbnail-block\">\n                                            <div class=\"referenz-card-thumbnail-desk\" style=\"background-image: url('https:\/\/bertakomm.ch\/wp-content\/uploads\/2025\/02\/a-Photo-motions-2024-10-Zeka-Testshooting-30_Pausenplatz_low-1000x1000.jpg')\">\n                            <img decoding=\"async\" src=\"https:\/\/bertakomm.ch\/wp-content\/themes\/bertakomm_new\/assets\/images\/placeholder_square.png\" alt=\"Placeholder\" \/>\n                        <\/div>\n                    \n                    <div class=\"referenz-card-thumbnail-mob\" style=\"background-image: url('https:\/\/bertakomm.ch\/wp-content\/uploads\/2025\/02\/a-Photo-motions-2024-10-Zeka-Testshooting-30_Pausenplatz_low-scaled.jpg')\">\n                        <img decoding=\"async\" src=\"https:\/\/bertakomm.ch\/wp-content\/themes\/bertakomm_new\/assets\/images\/placeholder_square.png\" alt=\"Placeholder\" \/>\n                    <\/div>\n                <\/div>\n\n                <div class=\"referenz-card-text-part\">\n                                            <p class=\"mb_0 text-white\">Stiftung zeka<\/p>\n                        <div class=\"kunden-divider\"><\/div>\n                    \n                    <h3 class=\"mb_0 h3-smaller-mob text-white \">REBRANDING UND BERATUNG<\/h3>\n\n                                    <\/div>\n            <\/a>\n        <\/div>\n        \n        <div class=\"referenz-card referenz-card-big scrollMagic-block visibleInBackend\" data-uid=\"69f282b4e6fc8\">\n            <a href=\"https:\/\/bertakomm.ch\/referenz\/swiss-food-ch\/\" class=\"referenz-card-inner-container\" aria-label=\"REDAKTION UND BETRIEB SWISS-FOOD.CH\">\n                <div class=\"referenz-card-thumbnail-block\">\n                                            <div class=\"referenz-card-thumbnail-desk\" style=\"background-image: url('https:\/\/bertakomm.ch\/wp-content\/uploads\/2025\/04\/live_podcast_fotos-23-1-1-scaled.jpg')\">\n                            <img decoding=\"async\" src=\"https:\/\/bertakomm.ch\/wp-content\/themes\/bertakomm_new\/assets\/images\/placeholder_landscape.png\" alt=\"Placeholder\" \/>\n                        <\/div>\n                    \n                    <div class=\"referenz-card-thumbnail-mob\" style=\"background-image: url('https:\/\/bertakomm.ch\/wp-content\/uploads\/2025\/04\/live_podcast_fotos-23-1-1-scaled.jpg')\">\n                        <img decoding=\"async\" src=\"https:\/\/bertakomm.ch\/wp-content\/themes\/bertakomm_new\/assets\/images\/placeholder_square.png\" alt=\"Placeholder\" \/>\n                    <\/div>\n                <\/div>\n\n                <div class=\"referenz-card-text-part\">\n                                            <p class=\"mb_0 text-white\">Bayer &#038; Syngenta<\/p>\n                        <div class=\"kunden-divider\"><\/div>\n                    \n                    <h3 class=\"mb_0 h3-smaller-mob text-white \">REDAKTION UND BETRIEB SWISS-FOOD.CH<\/h3>\n\n                                    <\/div>\n            <\/a>\n        <\/div>\n        \n        <div class=\"referenz-card  scrollMagic-block visibleInBackend\" data-uid=\"69f282b4e98a8\">\n            <a href=\"https:\/\/bertakomm.ch\/referenz\/stadtkaserne-frauenfeld-oeffentlichkeitsarbeit-rebranding\/\" class=\"referenz-card-inner-container\" aria-label=\"\u00d6FFENTLICHKEITSARBEIT UND REBRANDING\">\n                <div class=\"referenz-card-thumbnail-block\">\n                                            <div class=\"referenz-card-thumbnail-desk\" style=\"background-image: url('https:\/\/bertakomm.ch\/wp-content\/uploads\/2025\/02\/St\u200cadtkaserne-Frauenfeld_2024_DROHNE_DJI_0848_017.jpg_compressed-1000x1000.jpeg')\">\n                            <img decoding=\"async\" src=\"https:\/\/bertakomm.ch\/wp-content\/themes\/bertakomm_new\/assets\/images\/placeholder_square.png\" alt=\"Placeholder\" \/>\n                        <\/div>\n                    \n                    <div class=\"referenz-card-thumbnail-mob\" style=\"background-image: url('https:\/\/bertakomm.ch\/wp-content\/uploads\/2025\/02\/St\u200cadtkaserne-Frauenfeld_2024_DROHNE_DJI_0848_017.jpg_compressed.jpeg')\">\n                        <img decoding=\"async\" src=\"https:\/\/bertakomm.ch\/wp-content\/themes\/bertakomm_new\/assets\/images\/placeholder_square.png\" alt=\"Placeholder\" \/>\n                    <\/div>\n                <\/div>\n\n                <div class=\"referenz-card-text-part\">\n                                            <p class=\"mb_0 text-white\">Stadt Frauenfeld<\/p>\n                        <div class=\"kunden-divider\"><\/div>\n                    \n                    <h3 class=\"mb_0 h3-smaller-mob text-white \">\u00d6FFENTLICHKEITSARBEIT UND REBRANDING<\/h3>\n\n                                    <\/div>\n            <\/a>\n        <\/div>\n        \n        <div class=\"referenz-card  scrollMagic-block visibleInBackend\" data-uid=\"69f282b4eb832\">\n            <a href=\"https:\/\/bertakomm.ch\/referenz\/nein-zur-juso-steuer-sgv-usam\/\" class=\"referenz-card-inner-container\" aria-label=\"NEIN ZUR JUSO-STEUER\">\n                <div class=\"referenz-card-thumbnail-block\">\n                                            <div class=\"referenz-card-thumbnail-desk\" style=\"background-image: url('https:\/\/bertakomm.ch\/wp-content\/uploads\/2025\/12\/drone_shots.00_07_24_46.Standbild003-1000x1000.jpg')\">\n                            <img decoding=\"async\" src=\"https:\/\/bertakomm.ch\/wp-content\/themes\/bertakomm_new\/assets\/images\/placeholder_square.png\" alt=\"Placeholder\" \/>\n                        <\/div>\n                    \n                    <div class=\"referenz-card-thumbnail-mob\" style=\"background-image: url('https:\/\/bertakomm.ch\/wp-content\/uploads\/2025\/12\/drone_shots.00_07_24_46.Standbild003-scaled.jpg')\">\n                        <img decoding=\"async\" src=\"https:\/\/bertakomm.ch\/wp-content\/themes\/bertakomm_new\/assets\/images\/placeholder_square.png\" alt=\"Placeholder\" \/>\n                    <\/div>\n                <\/div>\n\n                <div class=\"referenz-card-text-part\">\n                                            <p class=\"mb_0 text-white\">sgv usam<\/p>\n                        <div class=\"kunden-divider\"><\/div>\n                    \n                    <h3 class=\"mb_0 h3-smaller-mob text-white \">NEIN ZUR JUSO-STEUER<\/h3>\n\n                                    <\/div>\n            <\/a>\n        <\/div>\n        \n        <div class=\"referenz-card referenz-card-big scrollMagic-block visibleInBackend\" data-uid=\"69f282b4ecf1a\">\n            <a href=\"https:\/\/bertakomm.ch\/referenz\/umfassende-kommunikationsbegleitung-gesundheitscluster-lengg\/\" class=\"referenz-card-inner-container\" aria-label=\"KOMMUNIKATION UND SENSIBILISIERUNGSKAMPAGNE\">\n                <div class=\"referenz-card-thumbnail-block\">\n                                            <div class=\"referenz-card-thumbnail-desk\" style=\"background-image: url('https:\/\/bertakomm.ch\/wp-content\/uploads\/2025\/04\/Luftaufnahme_Gesundheitscluster-mit-Seeblick_EV-Lengg_Jehiel-Affolter_2024-09_yw-1-scaled.jpg')\">\n                            <img decoding=\"async\" src=\"https:\/\/bertakomm.ch\/wp-content\/themes\/bertakomm_new\/assets\/images\/placeholder_landscape.png\" alt=\"Placeholder\" \/>\n                        <\/div>\n                    \n                    <div class=\"referenz-card-thumbnail-mob\" style=\"background-image: url('https:\/\/bertakomm.ch\/wp-content\/uploads\/2025\/04\/Luftaufnahme_Gesundheitscluster-mit-Seeblick_EV-Lengg_Jehiel-Affolter_2024-09_yw-1-scaled.jpg')\">\n                        <img decoding=\"async\" src=\"https:\/\/bertakomm.ch\/wp-content\/themes\/bertakomm_new\/assets\/images\/placeholder_square.png\" alt=\"Placeholder\" \/>\n                    <\/div>\n                <\/div>\n\n                <div class=\"referenz-card-text-part\">\n                                            <p class=\"mb_0 text-white\">Gesundheitscluster Lengg<\/p>\n                        <div class=\"kunden-divider\"><\/div>\n                    \n                    <h3 class=\"mb_0 h3-smaller-mob text-white \">KOMMUNIKATION UND SENSIBILISIERUNGSKAMPAGNE<\/h3>\n\n                                    <\/div>\n            <\/a>\n        <\/div>\n        \n        <div class=\"referenz-card  scrollMagic-block visibleInBackend\" data-uid=\"69f282b4ed9a6\">\n            <a href=\"https:\/\/bertakomm.ch\/referenz\/lg-areal-zug\/\" class=\"referenz-card-inner-container\" aria-label=\"POSITIONIERUNG UND ONLINE-KOMMUNIKATION\">\n                <div class=\"referenz-card-thumbnail-block\">\n                                            <div class=\"referenz-card-thumbnail-desk\" style=\"background-image: url('https:\/\/bertakomm.ch\/wp-content\/uploads\/2025\/02\/Logo-square-1000x1000.png')\">\n                            <img decoding=\"async\" src=\"https:\/\/bertakomm.ch\/wp-content\/themes\/bertakomm_new\/assets\/images\/placeholder_square.png\" alt=\"Placeholder\" \/>\n                        <\/div>\n                    \n                    <div class=\"referenz-card-thumbnail-mob\" style=\"background-image: url('https:\/\/bertakomm.ch\/wp-content\/uploads\/2025\/02\/Logo-square-scaled.png')\">\n                        <img decoding=\"async\" src=\"https:\/\/bertakomm.ch\/wp-content\/themes\/bertakomm_new\/assets\/images\/placeholder_square.png\" alt=\"Placeholder\" \/>\n                    <\/div>\n                <\/div>\n\n                <div class=\"referenz-card-text-part\">\n                                            <p class=\"mb_0 text-white\">LG-Areal in Zug<\/p>\n                        <div class=\"kunden-divider\"><\/div>\n                    \n                    <h3 class=\"mb_0 h3-smaller-mob text-white \">POSITIONIERUNG UND ONLINE-KOMMUNIKATION<\/h3>\n\n                                    <\/div>\n            <\/a>\n        <\/div>\n        \n        <div class=\"referenz-card  scrollMagic-block visibleInBackend\" data-uid=\"69f282b4efbc8\">\n            <a href=\"https:\/\/bertakomm.ch\/referenz\/leadagentur-in-der-klimaschutzgesetz-abstimmung\/\" class=\"referenz-card-inner-container\" aria-label=\"ABSTIMMUNGSKAMPAGNE \u00ab\u00a0JA ZUM KLIMASCHUTZGESETZ\u00a0\u00bb\">\n                <div class=\"referenz-card-thumbnail-block\">\n                                            <div class=\"referenz-card-thumbnail-desk\" style=\"background-image: url('https:\/\/bertakomm.ch\/wp-content\/uploads\/2025\/04\/poster_4-1000x1000.png')\">\n                            <img decoding=\"async\" src=\"https:\/\/bertakomm.ch\/wp-content\/themes\/bertakomm_new\/assets\/images\/placeholder_square.png\" alt=\"Placeholder\" \/>\n                        <\/div>\n                    \n                    <div class=\"referenz-card-thumbnail-mob\" style=\"background-image: url('https:\/\/bertakomm.ch\/wp-content\/uploads\/2025\/04\/poster_4-scaled.png')\">\n                        <img decoding=\"async\" src=\"https:\/\/bertakomm.ch\/wp-content\/themes\/bertakomm_new\/assets\/images\/placeholder_square.png\" alt=\"Placeholder\" \/>\n                    <\/div>\n                <\/div>\n\n                <div class=\"referenz-card-text-part\">\n                                            <p class=\"mb_0 text-white\">Verein Klimaschutz<\/p>\n                        <div class=\"kunden-divider\"><\/div>\n                    \n                    <h3 class=\"mb_0 h3-smaller-mob text-white \">ABSTIMMUNGSKAMPAGNE \u00ab\u00a0JA ZUM KLIMASCHUTZGESETZ\u00a0\u00bb<\/h3>\n\n                                    <\/div>\n            <\/a>\n        <\/div>\n        <\/div>\n            <\/div>\n\n            <div class=\"load-more-button-wrapper hidden-button scrollMagic-block visibleInBackend\" data-uid=\"69f282b4efddc\">\n                <a href=\"#\" class=\"main-button\">Mehr laden<\/a>\n            <\/div>\n        <\/div>\n    <\/section>\n\n\n\n","protected":false},"excerpt":{"rendered":"","protected":false},"author":1,"featured_media":0,"parent":0,"menu_order":0,"comment_status":"closed","ping_status":"closed","template":"","meta":{"_acf_changed":false,"inline_featured_image":false,"footnotes":""},"class_list":["post-5961","page","type-page","status-publish","hentry"],"acf":[],"yoast_head":"<!-- This site is optimized with the Yoast SEO Premium plugin v27.2 (Yoast SEO v27.2) - https:\/\/yoast.com\/product\/yoast-seo-premium-wordpress\/ -->\n<title>Referenzen - BERTAKOMM<\/title>\n<meta name=\"robots\" content=\"index, follow, max-snippet:-1, max-image-preview:large, max-video-preview:-1\" \/>\n<link rel=\"canonical\" href=\"https:\/\/bertakomm.ch\/fr\/referenzen\/\" \/>\n<meta property=\"og:locale\" content=\"fr_FR\" \/>\n<meta property=\"og:type\" content=\"article\" \/>\n<meta property=\"og:title\" content=\"Referenzen\" \/>\n<meta property=\"og:url\" content=\"https:\/\/bertakomm.ch\/fr\/referenzen\/\" \/>\n<meta property=\"og:site_name\" content=\"BERTAKOMM\" \/>\n<meta name=\"twitter:card\" content=\"summary_large_image\" \/>\n<!-- \/ Yoast SEO Premium plugin. -->","yoast_head_json":{"title":"Referenzen - BERTAKOMM","robots":{"index":"index","follow":"follow","max-snippet":"max-snippet:-1","max-image-preview":"max-image-preview:large","max-video-preview":"max-video-preview:-1"},"canonical":"https:\/\/bertakomm.ch\/fr\/referenzen\/","og_locale":"fr_FR","og_type":"article","og_title":"Referenzen","og_url":"https:\/\/bertakomm.ch\/fr\/referenzen\/","og_site_name":"BERTAKOMM","twitter_card":"summary_large_image","schema":{"@context":"https:\/\/schema.org","@graph":[{"@type":"WebPage","@id":"https:\/\/bertakomm.ch\/fr\/referenzen\/","url":"https:\/\/bertakomm.ch\/fr\/referenzen\/","name":"Referenzen - BERTAKOMM","isPartOf":{"@id":"https:\/\/bertakomm.ch\/#website"},"datePublished":"2025-02-24T14:58:41+00:00","breadcrumb":{"@id":"https:\/\/bertakomm.ch\/fr\/referenzen\/#breadcrumb"},"inLanguage":"fr-FR","potentialAction":[{"@type":"ReadAction","target":["https:\/\/bertakomm.ch\/fr\/referenzen\/"]}]},{"@type":"BreadcrumbList","@id":"https:\/\/bertakomm.ch\/fr\/referenzen\/#breadcrumb","itemListElement":[{"@type":"ListItem","position":1,"name":"Home","item":"https:\/\/bertakomm.ch\/fr\/"},{"@type":"ListItem","position":2,"name":"Referenzen"}]},{"@type":"WebSite","@id":"https:\/\/bertakomm.ch\/#website","url":"https:\/\/bertakomm.ch\/","name":"BERTAKOMM","description":"Strategisch. Kreativ. Auf den Punkt.","publisher":{"@id":"https:\/\/bertakomm.ch\/#organization"},"potentialAction":[{"@type":"SearchAction","target":{"@type":"EntryPoint","urlTemplate":"https:\/\/bertakomm.ch\/?s={search_term_string}"},"query-input":{"@type":"PropertyValueSpecification","valueRequired":true,"valueName":"search_term_string"}}],"inLanguage":"fr-FR"},{"@type":"Organization","@id":"https:\/\/bertakomm.ch\/#organization","name":"BERTAKOMM","url":"https:\/\/bertakomm.ch\/","logo":{"@type":"ImageObject","inLanguage":"fr-FR","@id":"https:\/\/bertakomm.ch\/#\/schema\/logo\/image\/","url":"","contentUrl":"","caption":"BERTAKOMM"},"image":{"@id":"https:\/\/bertakomm.ch\/#\/schema\/logo\/image\/"},"sameAs":["https:\/\/www.instagram.com\/bertakomm\/","https:\/\/www.linkedin.com\/company\/bertakomm"],"description":"BERTAKOMM beherrscht die gesamte Klaviatur anspruchsvoller Kommunikation und bietet L\u00f6sungen aus einer Hand. Mit rund 40 Mitarbeitenden an Standorten in der ganzen Schweiz \u00fcbersetzen wir komplexe Inhalte in verst\u00e4ndliche Kommunikation \u2013 von der ersten Idee bis zur aussagekr\u00e4ftigen Visualisierung, von der konzisen Strategie bis zur reibungslosen Umsetzung.","email":"gruezi@bertakomm.ch","telephone":"+41445204080","legalName":"BERTA KOMM","foundingDate":"2025-01-01","numberOfEmployees":{"@type":"QuantitativeValue","minValue":"51","maxValue":"200"}}]}},"_links":{"self":[{"href":"https:\/\/bertakomm.ch\/fr\/wp-json\/wp\/v2\/pages\/5961","targetHints":{"allow":["GET"]}}],"collection":[{"href":"https:\/\/bertakomm.ch\/fr\/wp-json\/wp\/v2\/pages"}],"about":[{"href":"https:\/\/bertakomm.ch\/fr\/wp-json\/wp\/v2\/types\/page"}],"author":[{"embeddable":true,"href":"https:\/\/bertakomm.ch\/fr\/wp-json\/wp\/v2\/users\/1"}],"replies":[{"embeddable":true,"href":"https:\/\/bertakomm.ch\/fr\/wp-json\/wp\/v2\/comments?post=5961"}],"version-history":[{"count":0,"href":"https:\/\/bertakomm.ch\/fr\/wp-json\/wp\/v2\/pages\/5961\/revisions"}],"wp:attachment":[{"href":"https:\/\/bertakomm.ch\/fr\/wp-json\/wp\/v2\/media?parent=5961"}],"curies":[{"name":"wp","href":"https:\/\/api.w.org\/{rel}","templated":true}]}}