{"id":5945,"date":"2025-04-11T13:53:13","date_gmt":"2025-04-11T11:53:13","guid":{"rendered":"https:\/\/dev.bertakomm-v3.berta-bewegt.ch\/karriere\/"},"modified":"2026-01-08T10:01:33","modified_gmt":"2026-01-08T09:01:33","slug":"karriere","status":"publish","type":"page","link":"https:\/\/bertakomm.ch\/fr\/karriere\/","title":{"rendered":"Travailler avec nous"},"content":{"rendered":"\n            <section class=\"text-narrow-block block-margins scrollMagic-block visibleInBackend\" data-uid=\"69f4d73fec252\" id=\"\">\n            <div class=\"text-narrow-block-inner-container\">\n                <div class=\"default-text-wrapper lead-text-wrapper\">\n                    <p>D\u00e9couvrez nos postes ouverts \u2013 nous nous r\u00e9jouissons d\u2019accueillir de nouveaux talents pour fa\u00e7onner avec nous une communication d\u2019int\u00e9r\u00eat public dans toute la Suisse.<\/p>\n<p>&nbsp;<\/p>\n<p><strong>\u00c0 l\u2019heure actuelle, nous n\u2019avons pas de postes vacants.<\/strong><\/p>\n                <\/div>\n\n                            <\/div>\n        <\/section>\n    \n\n\n\n\n\n\n\n    \n\n\n\n\n\n            <section class=\"flexible-image-block image-full-width-block  image-with-hover scrollMagic-block visibleInBackend\" data-uid=\"69f4d73ff0ee7\" id=\"\">\n            <div class=\"image-wrapper\">\n                <div class=\"image-bg\" style=\"background-image: url('https:\/\/bertakomm.ch\/wp-content\/uploads\/2025\/12\/DSC09392-scaled.jpg')\"><\/div>\n\n                                    <div class=\"image-filter image-filter-bottom\"><\/div>\n                \n                                    <img decoding=\"async\" src=\"https:\/\/bertakomm.ch\/wp-content\/themes\/bertakomm_new\/assets\/images\/image_21_9_big.png\" class=\"image-big\" alt=\"Format\" \/>\n                    <img decoding=\"async\" src=\"https:\/\/bertakomm.ch\/wp-content\/themes\/bertakomm_new\/assets\/images\/image_21_9.png\" class=\"image-desk\" alt=\"Format\" \/>\n                    <img decoding=\"async\" src=\"https:\/\/bertakomm.ch\/wp-content\/themes\/bertakomm_new\/assets\/images\/image_4_3.png\" class=\"image-mob\" alt=\"Format\" \/>\n                            <\/div>\n\n                            <div class=\"image-text-wrapper image-text-wrapper-bottom\">\n                    \n                                            <div class=\"default-text-wrapper-white-with-orange-strong lead-text-wrapper\">\n                            <p>Bureau Zurich<\/p>\n                        <\/div>\n                                    <\/div>\n                    <\/section>\n    \n\n\n\n\n\n\n            <section class=\"points-orange-bg-block block-margins\" id=\"\">\n            <div class=\"points-orange-bg-block-inner-container\">\n                                    <h2 class=\"mb_0 scrollMagic-block visibleInBackend\" data-uid=\"69f4d73ff1661\">Ce que nous offrons<\/h2>\n                    <div class=\"main-title-divider\"><\/div>\n                \n                <div class=\"points-cards\">\n                                            <div class=\"point-card scrollMagic-block  visibleInBackend\" data-uid=\"69f4d73ff1664\">\n                            <div class=\"point-card-inner-wrapper\">\n                                                                    <div class=\"point-card-title-wrapper\">\n                                        <h3 class=\"mb_0 text-orange\">\n                                            Multitude des projets                                        <\/h3>\n                                    <\/div>\n                                \n                                                                    <div class=\"small-text-wrapper default-text-wrapper medium-text-wrapper\">\n                                        <p class=\"mb_0\">Chez nous, la logique projet est au c\u0153ur du quotidien. Diriger un projet, c\u2019est assumer des responsabilit\u00e9s \u2013 sans d\u00e9pendre d\u2019un poste ou d\u2019un titre. Hi\u00e9rarchies horizontales, esprit coll\u00e9gial et communication ouverte et authentique : c\u2019est notre mani\u00e8re de travailler.<\/p>\n                                    <\/div>\n                                                            <\/div>\n                        <\/div>\n                                            <div class=\"point-card scrollMagic-block delay-1 visibleInBackend\" data-uid=\"69f4d73ff1666\">\n                            <div class=\"point-card-inner-wrapper\">\n                                                                    <div class=\"point-card-title-wrapper\">\n                                        <h3 class=\"mb_0 text-orange\">\n                                            Bureaux                                        <\/h3>\n                                    <\/div>\n                                \n                                                                    <div class=\"small-text-wrapper default-text-wrapper medium-text-wrapper\">\n                                        <p class=\"mb_0\">Situ\u00e9s au centre de Zurich, Berne et Saint-Gall, nos bureaux sont con\u00e7us pour favoriser \u00e0 la fois la concentration et l\u2019\u00e9change cr\u00e9atif. Au pupitre debout comme dans l\u2019espace lounge, l\u2019environnement s\u2019adapte aux besoins du moment. Nous prenons en charge l\u2019abonnement demi-tarif (Halbtax) de toutes nos collaboratrices et de tous nos collaborateurs pour leurs d\u00e9placements.<\/p>\n                                    <\/div>\n                                                            <\/div>\n                        <\/div>\n                                            <div class=\"point-card scrollMagic-block  visibleInBackend\" data-uid=\"69f4d73ff1667\">\n                            <div class=\"point-card-inner-wrapper\">\n                                                                    <div class=\"point-card-title-wrapper\">\n                                        <h3 class=\"mb_0 text-orange\">\n                                            Home-Office                                        <\/h3>\n                                    <\/div>\n                                \n                                                                    <div class=\"small-text-wrapper default-text-wrapper medium-text-wrapper\">\n                                        <p class=\"mb_0\">Chez BERTAKOMM, la flexibilit\u00e9 fait partie de notre fonctionnement : jusqu\u2019\u00e0 30 % du temps de travail peut se faire en home office. Pour bien s\u2019\u00e9quiper \u00e0 la maison, nos collaboratrices et collaborateurs b\u00e9n\u00e9ficient d\u2019un forfait mensuel.<\/p>\n                                    <\/div>\n                                                            <\/div>\n                        <\/div>\n                                            <div class=\"point-card scrollMagic-block delay-1 visibleInBackend\" data-uid=\"69f4d73ff1669\">\n                            <div class=\"point-card-inner-wrapper\">\n                                                                    <div class=\"point-card-title-wrapper\">\n                                        <h3 class=\"mb_0 text-orange\">\n                                            Pr\u00e9voyance                                        <\/h3>\n                                    <\/div>\n                                \n                                                                    <div class=\"small-text-wrapper default-text-wrapper medium-text-wrapper\">\n                                        <p class=\"mb_0\">Nous prenons soin de l\u2019avenir \u2013 y compris de celui de nos \u00e9quipes. BERTAKOMM finance 70 % des cotisations au 2e pilier, renfor\u00e7ant ainsi la pr\u00e9voyance personnelle de chaque collaboratrice et collaborateur. \u00c9quitable, solide et tourn\u00e9 vers l\u2019avenir.<\/p>\n                                    <\/div>\n                                                            <\/div>\n                        <\/div>\n                                            <div class=\"point-card scrollMagic-block  visibleInBackend\" data-uid=\"69f4d73ff166a\">\n                            <div class=\"point-card-inner-wrapper\">\n                                                                    <div class=\"point-card-title-wrapper\">\n                                        <h3 class=\"mb_0 text-orange\">\n                                            Equipe                                        <\/h3>\n                                    <\/div>\n                                \n                                                                    <div class=\"small-text-wrapper default-text-wrapper medium-text-wrapper\">\n                                        <p class=\"mb_0\">Tous les mercredis, nous nous retrouvons sur place pour \u00e9changer. Une fois par mois, place au d\u00e9jeuner d\u2019\u00e9quipe ou \u00e0 la townhall avec ap\u00e9ritif. Et pour chaque anniversaire au sein de l\u2019entreprise, nous offrons un bon cadeau personnel \u2013 pour remercier la loyaut\u00e9.<\/p>\n                                    <\/div>\n                                                            <\/div>\n                        <\/div>\n                                            <div class=\"point-card scrollMagic-block delay-1 visibleInBackend\" data-uid=\"69f4d73ff166b\">\n                            <div class=\"point-card-inner-wrapper\">\n                                                                    <div class=\"point-card-title-wrapper\">\n                                        <h3 class=\"mb_0 text-orange\">\n                                            Formation                                        <\/h3>\n                                    <\/div>\n                                \n                                                                    <div class=\"small-text-wrapper default-text-wrapper medium-text-wrapper\">\n                                        <p class=\"mb_0\">Nous voulons faire mieux, toujours. Si c\u2019est aussi votre \u00e9tat d\u2019esprit, vous \u00eates \u00e0 la bonne adresse chez BERTAKOMM. Cours, ateliers ou nouveaux outils : nous encourageons la formation continue en offrant du temps, un budget et un esprit ouvert aux id\u00e9es nouvelles.<\/p>\n                                    <\/div>\n                                                            <\/div>\n                        <\/div>\n                                    <\/div>\n            <\/div>\n        <\/section>\n    \n\n\n\n\n\n\n\n    <section class=\"images-slider-block block-margins\" id=\"\">\n        \n                    <div class=\"images-as-block\">\n                                                            <div class=\"image-inner-container scrollMagic-block  visibleInBackend\" data-uid=\"69f4d7400156b\">\n                            <div class=\"image-wrapper image-wrapper-left\" style=\"background-image: url('https:\/\/bertakomm.ch\/wp-content\/uploads\/2025\/12\/DSC09468-scaled.jpg')\">\n                                <img decoding=\"async\" src=\"https:\/\/bertakomm.ch\/wp-content\/themes\/bertakomm_new\/assets\/images\/placeholder_square.png\" alt=\"Placeholder\" \/>\n                            <\/div>\n                        <\/div>\n                                                                                <div class=\"image-inner-container scrollMagic-block delay-1 visibleInBackend\" data-uid=\"69f4d74001583\">\n                            <div class=\"image-wrapper image-wrapper-right\" style=\"background-image: url('https:\/\/bertakomm.ch\/wp-content\/uploads\/2025\/12\/studio_zuerich-6-scaled.jpg')\">\n                                <img decoding=\"async\" src=\"https:\/\/bertakomm.ch\/wp-content\/themes\/bertakomm_new\/assets\/images\/placeholder_square.png\" alt=\"Placeholder\" \/>\n                            <\/div>\n                        <\/div>\n                                                                                <div class=\"image-inner-container scrollMagic-block  visibleInBackend\" data-uid=\"69f4d7400158d\">\n                            <div class=\"image-wrapper image-wrapper-left\" style=\"background-image: url('https:\/\/bertakomm.ch\/wp-content\/uploads\/2025\/12\/teamevent_tibits-7407.jpg')\">\n                                <img decoding=\"async\" src=\"https:\/\/bertakomm.ch\/wp-content\/themes\/bertakomm_new\/assets\/images\/placeholder_square.png\" alt=\"Placeholder\" \/>\n                            <\/div>\n                        <\/div>\n                                                                                <div class=\"image-inner-container scrollMagic-block delay-1 visibleInBackend\" data-uid=\"69f4d74001595\">\n                            <div class=\"image-wrapper image-wrapper-right\" style=\"background-image: url('https:\/\/bertakomm.ch\/wp-content\/uploads\/2025\/12\/20251126_bk_website-2026_office-44-scaled.jpg')\">\n                                <img decoding=\"async\" src=\"https:\/\/bertakomm.ch\/wp-content\/themes\/bertakomm_new\/assets\/images\/placeholder_square.png\" alt=\"Placeholder\" \/>\n                            <\/div>\n                        <\/div>\n                                                <\/div>\n            <\/section>\n\n\n\n\n","protected":false},"excerpt":{"rendered":"","protected":false},"author":1,"featured_media":5826,"parent":0,"menu_order":0,"comment_status":"closed","ping_status":"closed","template":"","meta":{"_acf_changed":false,"inline_featured_image":false,"footnotes":""},"class_list":["post-5945","page","type-page","status-publish","has-post-thumbnail","hentry"],"acf":[],"yoast_head":"<!-- This site is optimized with the Yoast SEO Premium plugin v27.2 (Yoast SEO v27.2) - https:\/\/yoast.com\/product\/yoast-seo-premium-wordpress\/ -->\n<title>Karriere bei BERTAKOMM \u2013 Werden Sie Teil unseres Teams<\/title>\n<meta name=\"description\" content=\"Suchen neue Herausforderung in der Kommunikationsbranche? Entdecken Sie unsere aktuellen Stellenangebote und starten Sie Ihre Karriere.\" \/>\n<meta name=\"robots\" content=\"index, follow, max-snippet:-1, max-image-preview:large, max-video-preview:-1\" \/>\n<link rel=\"canonical\" href=\"https:\/\/bertakomm.ch\/fr\/karriere\/\" \/>\n<meta property=\"og:locale\" content=\"fr_FR\" \/>\n<meta property=\"og:type\" content=\"article\" \/>\n<meta property=\"og:title\" content=\"Travailler avec nous\" \/>\n<meta property=\"og:description\" content=\"Suchen neue Herausforderung in der Kommunikationsbranche? Entdecken Sie unsere aktuellen Stellenangebote und starten Sie Ihre Karriere.\" \/>\n<meta property=\"og:url\" content=\"https:\/\/bertakomm.ch\/fr\/karriere\/\" \/>\n<meta property=\"og:site_name\" content=\"BERTAKOMM\" \/>\n<meta property=\"article:modified_time\" content=\"2026-01-08T09:01:33+00:00\" \/>\n<meta property=\"og:image\" content=\"https:\/\/bertakomm.ch\/wp-content\/uploads\/2025\/05\/Aktentasche-Orange-600x315.png\" \/>\n<meta name=\"twitter:card\" content=\"summary_large_image\" \/>\n<meta name=\"twitter:label1\" content=\"Est. reading time\" \/>\n\t<meta name=\"twitter:data1\" content=\"2 minutes\" \/>\n<!-- \/ Yoast SEO Premium plugin. -->","yoast_head_json":{"title":"Karriere bei BERTAKOMM \u2013 Werden Sie Teil unseres Teams","description":"Suchen neue Herausforderung in der Kommunikationsbranche? Entdecken Sie unsere aktuellen Stellenangebote und starten Sie Ihre Karriere.","robots":{"index":"index","follow":"follow","max-snippet":"max-snippet:-1","max-image-preview":"max-image-preview:large","max-video-preview":"max-video-preview:-1"},"canonical":"https:\/\/bertakomm.ch\/fr\/karriere\/","og_locale":"fr_FR","og_type":"article","og_title":"Travailler avec nous","og_description":"Suchen neue Herausforderung in der Kommunikationsbranche? Entdecken Sie unsere aktuellen Stellenangebote und starten Sie Ihre Karriere.","og_url":"https:\/\/bertakomm.ch\/fr\/karriere\/","og_site_name":"BERTAKOMM","article_modified_time":"2026-01-08T09:01:33+00:00","og_image":[{"url":"https:\/\/bertakomm.ch\/wp-content\/uploads\/2025\/05\/Aktentasche-Orange-600x315.png","type":"","width":"","height":""}],"twitter_card":"summary_large_image","twitter_misc":{"Est. reading time":"2 minutes"},"schema":{"@context":"https:\/\/schema.org","@graph":[{"@type":"WebPage","@id":"https:\/\/bertakomm.ch\/fr\/karriere\/","url":"https:\/\/bertakomm.ch\/fr\/karriere\/","name":"Karriere bei BERTAKOMM \u2013 Werden Sie Teil unseres Teams","isPartOf":{"@id":"https:\/\/bertakomm.ch\/#website"},"primaryImageOfPage":{"@id":"https:\/\/bertakomm.ch\/fr\/karriere\/#primaryimage"},"image":{"@id":"https:\/\/bertakomm.ch\/fr\/karriere\/#primaryimage"},"thumbnailUrl":"https:\/\/bertakomm.ch\/wp-content\/uploads\/2025\/12\/DSC09373-scaled.jpg","datePublished":"2025-04-11T11:53:13+00:00","dateModified":"2026-01-08T09:01:33+00:00","description":"Suchen neue Herausforderung in der Kommunikationsbranche? Entdecken Sie unsere aktuellen Stellenangebote und starten Sie Ihre Karriere.","breadcrumb":{"@id":"https:\/\/bertakomm.ch\/fr\/karriere\/#breadcrumb"},"inLanguage":"fr-FR","potentialAction":[{"@type":"ReadAction","target":["https:\/\/bertakomm.ch\/fr\/karriere\/"]}]},{"@type":"ImageObject","inLanguage":"fr-FR","@id":"https:\/\/bertakomm.ch\/fr\/karriere\/#primaryimage","url":"https:\/\/bertakomm.ch\/wp-content\/uploads\/2025\/12\/DSC09373-scaled.jpg","contentUrl":"https:\/\/bertakomm.ch\/wp-content\/uploads\/2025\/12\/DSC09373-scaled.jpg","width":2560,"height":1707},{"@type":"BreadcrumbList","@id":"https:\/\/bertakomm.ch\/fr\/karriere\/#breadcrumb","itemListElement":[{"@type":"ListItem","position":1,"name":"Home","item":"https:\/\/bertakomm.ch\/fr\/"},{"@type":"ListItem","position":2,"name":"Travailler avec nous"}]},{"@type":"WebSite","@id":"https:\/\/bertakomm.ch\/#website","url":"https:\/\/bertakomm.ch\/","name":"BERTAKOMM","description":"Strategisch. Kreativ. Auf den Punkt.","publisher":{"@id":"https:\/\/bertakomm.ch\/#organization"},"potentialAction":[{"@type":"SearchAction","target":{"@type":"EntryPoint","urlTemplate":"https:\/\/bertakomm.ch\/?s={search_term_string}"},"query-input":{"@type":"PropertyValueSpecification","valueRequired":true,"valueName":"search_term_string"}}],"inLanguage":"fr-FR"},{"@type":"Organization","@id":"https:\/\/bertakomm.ch\/#organization","name":"BERTAKOMM","url":"https:\/\/bertakomm.ch\/","logo":{"@type":"ImageObject","inLanguage":"fr-FR","@id":"https:\/\/bertakomm.ch\/#\/schema\/logo\/image\/","url":"","contentUrl":"","caption":"BERTAKOMM"},"image":{"@id":"https:\/\/bertakomm.ch\/#\/schema\/logo\/image\/"},"sameAs":["https:\/\/www.instagram.com\/bertakomm\/","https:\/\/www.linkedin.com\/company\/bertakomm"],"description":"BERTAKOMM beherrscht die gesamte Klaviatur anspruchsvoller Kommunikation und bietet L\u00f6sungen aus einer Hand. Mit rund 40 Mitarbeitenden an Standorten in der ganzen Schweiz \u00fcbersetzen wir komplexe Inhalte in verst\u00e4ndliche Kommunikation \u2013 von der ersten Idee bis zur aussagekr\u00e4ftigen Visualisierung, von der konzisen Strategie bis zur reibungslosen Umsetzung.","email":"gruezi@bertakomm.ch","telephone":"+41445204080","legalName":"BERTA KOMM","foundingDate":"2025-01-01","numberOfEmployees":{"@type":"QuantitativeValue","minValue":"51","maxValue":"200"}}]}},"_links":{"self":[{"href":"https:\/\/bertakomm.ch\/fr\/wp-json\/wp\/v2\/pages\/5945","targetHints":{"allow":["GET"]}}],"collection":[{"href":"https:\/\/bertakomm.ch\/fr\/wp-json\/wp\/v2\/pages"}],"about":[{"href":"https:\/\/bertakomm.ch\/fr\/wp-json\/wp\/v2\/types\/page"}],"author":[{"embeddable":true,"href":"https:\/\/bertakomm.ch\/fr\/wp-json\/wp\/v2\/users\/1"}],"replies":[{"embeddable":true,"href":"https:\/\/bertakomm.ch\/fr\/wp-json\/wp\/v2\/comments?post=5945"}],"version-history":[{"count":4,"href":"https:\/\/bertakomm.ch\/fr\/wp-json\/wp\/v2\/pages\/5945\/revisions"}],"predecessor-version":[{"id":6185,"href":"https:\/\/bertakomm.ch\/fr\/wp-json\/wp\/v2\/pages\/5945\/revisions\/6185"}],"wp:featuredmedia":[{"embeddable":true,"href":"https:\/\/bertakomm.ch\/fr\/wp-json\/wp\/v2\/media\/5826"}],"wp:attachment":[{"href":"https:\/\/bertakomm.ch\/fr\/wp-json\/wp\/v2\/media?parent=5945"}],"curies":[{"name":"wp","href":"https:\/\/api.w.org\/{rel}","templated":true}]}}