{"id":3393,"date":"2025-03-21T15:42:24","date_gmt":"2025-03-21T14:42:24","guid":{"rendered":"https:\/\/dev.bertakomm-v3.berta-bewegt.ch\/mitarbeiter\/michel-thoma\/"},"modified":"2026-01-12T15:56:10","modified_gmt":"2026-01-12T14:56:10","slug":"michel-thoma","status":"publish","type":"mitarbeiter","link":"https:\/\/bertakomm.ch\/fr\/memre-equipe\/michel-thoma\/","title":{"rendered":"Michel Thoma"},"content":{"rendered":"\n<h2 class=\"wp-block-heading\" id=\"h-\"><\/h2>\n\n\n\n<p>Michel Thoma est producteur multim\u00e9dia et responsable de productions vid\u00e9o et photo, aussi bien en studio que sur le terrain. Dot\u00e9 d\u2019un \u0153il attentif aux d\u00e9tails, il se charge de la postproduction, y compris du colorgrading, et veille \u00e0 des r\u00e9sultats visuels de haute qualit\u00e9. En tant que pilote de drone &#8211; \u00e9galement avec des vols FPV &#8211; il r\u00e9alise des prises de vue a\u00e9riennes impressionnantes. De l&rsquo;id\u00e9e \u00e0 la r\u00e9alisation, Michel propose des concepts cr\u00e9atifs et allie savoir-faire technique et storytelling visuel. Il est titulaire d&rsquo;un certificat de r\u00e9alisateur de Studio 1.<\/p>\n","protected":false},"featured_media":2229,"template":"","mitarbeiter_tag":[99],"class_list":["post-3393","mitarbeiter","type-mitarbeiter","status-publish","has-post-thumbnail","hentry","mitarbeiter_tag-multimedia-fr"],"acf":[],"yoast_head":"<!-- This site is optimized with the Yoast SEO Premium plugin v27.2 (Yoast SEO v27.2) - https:\/\/yoast.com\/product\/yoast-seo-premium-wordpress\/ -->\n<title>Michel Thoma - Multimedia Producer | BERTAKOMM<\/title>\n<meta name=\"robots\" content=\"index, follow, max-snippet:-1, max-image-preview:large, max-video-preview:-1\" \/>\n<link rel=\"canonical\" href=\"https:\/\/bertakomm.ch\/fr\/memre-equipe\/michel-thoma\/\" \/>\n<meta property=\"og:locale\" content=\"fr_FR\" \/>\n<meta property=\"og:type\" content=\"article\" \/>\n<meta property=\"og:title\" content=\"Michel Thoma\" \/>\n<meta property=\"og:description\" content=\"Michel Thoma est producteur multim\u00e9dia et responsable de productions vid\u00e9o et photo, aussi bien en studio que sur le terrain. Dot\u00e9 d\u2019un \u0153il attentif aux d\u00e9tails, il se charge de la postproduction, y compris du colorgrading, et veille \u00e0 des r\u00e9sultats visuels de haute qualit\u00e9. En tant que pilote de drone &#8211; \u00e9galement avec des [&hellip;]\" \/>\n<meta property=\"og:url\" content=\"https:\/\/bertakomm.ch\/fr\/memre-equipe\/michel-thoma\/\" \/>\n<meta property=\"og:site_name\" content=\"BERTAKOMM\" \/>\n<meta property=\"article:modified_time\" content=\"2026-01-12T14:56:10+00:00\" \/>\n<meta property=\"og:image\" content=\"https:\/\/bertakomm.ch\/wp-content\/uploads\/2025\/03\/bertakomm_portraits_michel-5-72pixel-scaled.jpg\" \/>\n\t<meta property=\"og:image:width\" content=\"1707\" \/>\n\t<meta property=\"og:image:height\" content=\"2560\" \/>\n\t<meta property=\"og:image:type\" content=\"image\/jpeg\" \/>\n<meta name=\"twitter:card\" content=\"summary_large_image\" \/>\n<meta name=\"twitter:label1\" content=\"Est. reading time\" \/>\n\t<meta name=\"twitter:data1\" content=\"2 minutes\" \/>\n<!-- \/ Yoast SEO Premium plugin. -->","yoast_head_json":{"title":"Michel Thoma - Multimedia Producer | BERTAKOMM","robots":{"index":"index","follow":"follow","max-snippet":"max-snippet:-1","max-image-preview":"max-image-preview:large","max-video-preview":"max-video-preview:-1"},"canonical":"https:\/\/bertakomm.ch\/fr\/memre-equipe\/michel-thoma\/","og_locale":"fr_FR","og_type":"article","og_title":"Michel Thoma","og_description":"Michel Thoma est producteur multim\u00e9dia et responsable de productions vid\u00e9o et photo, aussi bien en studio que sur le terrain. Dot\u00e9 d\u2019un \u0153il attentif aux d\u00e9tails, il se charge de la postproduction, y compris du colorgrading, et veille \u00e0 des r\u00e9sultats visuels de haute qualit\u00e9. En tant que pilote de drone &#8211; \u00e9galement avec des [&hellip;]","og_url":"https:\/\/bertakomm.ch\/fr\/memre-equipe\/michel-thoma\/","og_site_name":"BERTAKOMM","article_modified_time":"2026-01-12T14:56:10+00:00","og_image":[{"width":1707,"height":2560,"url":"https:\/\/bertakomm.ch\/wp-content\/uploads\/2025\/03\/bertakomm_portraits_michel-5-72pixel-scaled.jpg","type":"image\/jpeg"}],"twitter_card":"summary_large_image","twitter_misc":{"Est. reading time":"2 minutes"},"schema":{"@context":"https:\/\/schema.org","@graph":[{"@type":["WebPage","ProfilePage"],"@id":"https:\/\/bertakomm.ch\/fr\/memre-equipe\/michel-thoma\/","url":"https:\/\/bertakomm.ch\/fr\/memre-equipe\/michel-thoma\/","name":"Michel Thoma - Multimedia Producer | BERTAKOMM","isPartOf":{"@id":"https:\/\/bertakomm.ch\/#website"},"primaryImageOfPage":{"@id":"https:\/\/bertakomm.ch\/fr\/memre-equipe\/michel-thoma\/#primaryimage"},"image":{"@id":"https:\/\/bertakomm.ch\/fr\/memre-equipe\/michel-thoma\/#primaryimage"},"thumbnailUrl":"https:\/\/bertakomm.ch\/wp-content\/uploads\/2025\/03\/bertakomm_portraits_michel-5-72pixel-scaled.jpg","datePublished":"2025-03-21T14:42:24+00:00","dateModified":"2026-01-12T14:56:10+00:00","breadcrumb":{"@id":"https:\/\/bertakomm.ch\/fr\/memre-equipe\/michel-thoma\/#breadcrumb"},"inLanguage":"fr-FR","potentialAction":[{"@type":"ReadAction","target":["https:\/\/bertakomm.ch\/fr\/memre-equipe\/michel-thoma\/"]}]},{"@type":"ImageObject","inLanguage":"fr-FR","@id":"https:\/\/bertakomm.ch\/fr\/memre-equipe\/michel-thoma\/#primaryimage","url":"https:\/\/bertakomm.ch\/wp-content\/uploads\/2025\/03\/bertakomm_portraits_michel-5-72pixel-scaled.jpg","contentUrl":"https:\/\/bertakomm.ch\/wp-content\/uploads\/2025\/03\/bertakomm_portraits_michel-5-72pixel-scaled.jpg","width":1707,"height":2560},{"@type":"BreadcrumbList","@id":"https:\/\/bertakomm.ch\/fr\/memre-equipe\/michel-thoma\/#breadcrumb","itemListElement":[{"@type":"ListItem","position":1,"name":"Home","item":"https:\/\/bertakomm.ch\/fr\/"},{"@type":"ListItem","position":2,"name":"Mitarbeiter","item":"https:\/\/bertakomm.ch\/mitarbeiter\/"},{"@type":"ListItem","position":3,"name":"Michel Thoma"}]},{"@type":"WebSite","@id":"https:\/\/bertakomm.ch\/#website","url":"https:\/\/bertakomm.ch\/","name":"BERTAKOMM","description":"Strategisch. Kreativ. Auf den Punkt.","publisher":{"@id":"https:\/\/bertakomm.ch\/#organization"},"potentialAction":[{"@type":"SearchAction","target":{"@type":"EntryPoint","urlTemplate":"https:\/\/bertakomm.ch\/?s={search_term_string}"},"query-input":{"@type":"PropertyValueSpecification","valueRequired":true,"valueName":"search_term_string"}}],"inLanguage":"fr-FR"},{"@type":"Organization","@id":"https:\/\/bertakomm.ch\/#organization","name":"BERTAKOMM","url":"https:\/\/bertakomm.ch\/","logo":{"@type":"ImageObject","inLanguage":"fr-FR","@id":"https:\/\/bertakomm.ch\/#\/schema\/logo\/image\/","url":"","contentUrl":"","caption":"BERTAKOMM"},"image":{"@id":"https:\/\/bertakomm.ch\/#\/schema\/logo\/image\/"},"sameAs":["https:\/\/www.instagram.com\/bertakomm\/","https:\/\/www.linkedin.com\/company\/bertakomm"],"mainEntityOfPage":{"@id":"https:\/\/bertakomm.ch\/fr\/memre-equipe\/michel-thoma\/"},"description":"BERTAKOMM beherrscht die gesamte Klaviatur anspruchsvoller Kommunikation und bietet L\u00f6sungen aus einer Hand. Mit rund 40 Mitarbeitenden an Standorten in der ganzen Schweiz \u00fcbersetzen wir komplexe Inhalte in verst\u00e4ndliche Kommunikation \u2013 von der ersten Idee bis zur aussagekr\u00e4ftigen Visualisierung, von der konzisen Strategie bis zur reibungslosen Umsetzung.","email":"gruezi@bertakomm.ch","telephone":"+41445204080","legalName":"BERTA KOMM","foundingDate":"2025-01-01","numberOfEmployees":{"@type":"QuantitativeValue","minValue":"51","maxValue":"200"}}]}},"_links":{"self":[{"href":"https:\/\/bertakomm.ch\/fr\/wp-json\/wp\/v2\/mitarbeiter\/3393","targetHints":{"allow":["GET"]}}],"collection":[{"href":"https:\/\/bertakomm.ch\/fr\/wp-json\/wp\/v2\/mitarbeiter"}],"about":[{"href":"https:\/\/bertakomm.ch\/fr\/wp-json\/wp\/v2\/types\/mitarbeiter"}],"version-history":[{"count":3,"href":"https:\/\/bertakomm.ch\/fr\/wp-json\/wp\/v2\/mitarbeiter\/3393\/revisions"}],"predecessor-version":[{"id":3947,"href":"https:\/\/bertakomm.ch\/fr\/wp-json\/wp\/v2\/mitarbeiter\/3393\/revisions\/3947"}],"wp:featuredmedia":[{"embeddable":true,"href":"https:\/\/bertakomm.ch\/fr\/wp-json\/wp\/v2\/media\/2229"}],"wp:attachment":[{"href":"https:\/\/bertakomm.ch\/fr\/wp-json\/wp\/v2\/media?parent=3393"}],"wp:term":[{"taxonomy":"mitarbeiter_tag","embeddable":true,"href":"https:\/\/bertakomm.ch\/fr\/wp-json\/wp\/v2\/mitarbeiter_tag?post=3393"}],"curies":[{"name":"wp","href":"https:\/\/api.w.org\/{rel}","templated":true}]}}