{"id":3281,"date":"2025-02-24T16:12:05","date_gmt":"2025-02-24T15:12:05","guid":{"rendered":"https:\/\/dev.bertakomm-v3.berta-bewegt.ch\/mitarbeiter\/janick-tagmann\/"},"modified":"2026-01-12T15:54:19","modified_gmt":"2026-01-12T14:54:19","slug":"janick-tagmann","status":"publish","type":"mitarbeiter","link":"https:\/\/bertakomm.ch\/fr\/memre-equipe\/janick-tagmann\/","title":{"rendered":"Janick Tagmann"},"content":{"rendered":"\n<h2 class=\"wp-block-heading\" id=\"h-\"><\/h2>\n\n\n\n<p>Entrepreneur et campaigner passionn\u00e9 depuis 2011, Janick Tagmann cr\u00e9e des passerelles entre les entreprises, la politique et le grand public. Il a un flair pour les tendances soci\u00e9tales, les dynamiques politiques et les \u00e9volutions num\u00e9riques. Avant de fonder sa propre entreprise, il a \u00e9t\u00e9 conseiller Public Affairs aupr\u00e8s de l&rsquo;Association suisse des banquiers. Janick a \u00e9tudi\u00e9 les affaires internationales et le marketing \u00e0 l&rsquo;universit\u00e9 de Saint-Gall.<\/p>\n","protected":false},"featured_media":2073,"template":"","mitarbeiter_tag":[102,93,84],"class_list":["post-3281","mitarbeiter","type-mitarbeiter","status-publish","has-post-thumbnail","hentry","mitarbeiter_tag-partner-fr","mitarbeiter_tag-management-fr","mitarbeiter_tag-consulting-fr"],"acf":[],"yoast_head":"<!-- This site is optimized with the Yoast SEO Premium plugin v27.2 (Yoast SEO v27.2) - https:\/\/yoast.com\/product\/yoast-seo-premium-wordpress\/ -->\n<title>Janick Tagmann - Managing Partner | BERTAKOMM<\/title>\n<meta name=\"robots\" content=\"index, follow, max-snippet:-1, max-image-preview:large, max-video-preview:-1\" \/>\n<link rel=\"canonical\" href=\"https:\/\/bertakomm.ch\/fr\/memre-equipe\/janick-tagmann\/\" \/>\n<meta property=\"og:locale\" content=\"fr_FR\" \/>\n<meta property=\"og:type\" content=\"article\" \/>\n<meta property=\"og:title\" content=\"Janick Tagmann\" \/>\n<meta property=\"og:description\" content=\"Entrepreneur et campaigner passionn\u00e9 depuis 2011, Janick Tagmann cr\u00e9e des passerelles entre les entreprises, la politique et le grand public. Il a un flair pour les tendances soci\u00e9tales, les dynamiques politiques et les \u00e9volutions num\u00e9riques. Avant de fonder sa propre entreprise, il a \u00e9t\u00e9 conseiller Public Affairs aupr\u00e8s de l&rsquo;Association suisse des banquiers. Janick a [&hellip;]\" \/>\n<meta property=\"og:url\" content=\"https:\/\/bertakomm.ch\/fr\/memre-equipe\/janick-tagmann\/\" \/>\n<meta property=\"og:site_name\" content=\"BERTAKOMM\" \/>\n<meta property=\"article:modified_time\" content=\"2026-01-12T14:54:19+00:00\" \/>\n<meta property=\"og:image\" content=\"https:\/\/bertakomm.ch\/wp-content\/uploads\/2025\/02\/bertakomm_portraits_janick-4-72pixel-scaled.jpg\" \/>\n\t<meta property=\"og:image:width\" content=\"1707\" \/>\n\t<meta property=\"og:image:height\" content=\"2560\" \/>\n\t<meta property=\"og:image:type\" content=\"image\/jpeg\" \/>\n<meta name=\"twitter:card\" content=\"summary_large_image\" \/>\n<meta name=\"twitter:label1\" content=\"Est. reading time\" \/>\n\t<meta name=\"twitter:data1\" content=\"2 minutes\" \/>\n<!-- \/ Yoast SEO Premium plugin. -->","yoast_head_json":{"title":"Janick Tagmann - Managing Partner | BERTAKOMM","robots":{"index":"index","follow":"follow","max-snippet":"max-snippet:-1","max-image-preview":"max-image-preview:large","max-video-preview":"max-video-preview:-1"},"canonical":"https:\/\/bertakomm.ch\/fr\/memre-equipe\/janick-tagmann\/","og_locale":"fr_FR","og_type":"article","og_title":"Janick Tagmann","og_description":"Entrepreneur et campaigner passionn\u00e9 depuis 2011, Janick Tagmann cr\u00e9e des passerelles entre les entreprises, la politique et le grand public. Il a un flair pour les tendances soci\u00e9tales, les dynamiques politiques et les \u00e9volutions num\u00e9riques. Avant de fonder sa propre entreprise, il a \u00e9t\u00e9 conseiller Public Affairs aupr\u00e8s de l&rsquo;Association suisse des banquiers. Janick a [&hellip;]","og_url":"https:\/\/bertakomm.ch\/fr\/memre-equipe\/janick-tagmann\/","og_site_name":"BERTAKOMM","article_modified_time":"2026-01-12T14:54:19+00:00","og_image":[{"width":1707,"height":2560,"url":"https:\/\/bertakomm.ch\/wp-content\/uploads\/2025\/02\/bertakomm_portraits_janick-4-72pixel-scaled.jpg","type":"image\/jpeg"}],"twitter_card":"summary_large_image","twitter_misc":{"Est. reading time":"2 minutes"},"schema":{"@context":"https:\/\/schema.org","@graph":[{"@type":["WebPage","ProfilePage"],"@id":"https:\/\/bertakomm.ch\/fr\/memre-equipe\/janick-tagmann\/","url":"https:\/\/bertakomm.ch\/fr\/memre-equipe\/janick-tagmann\/","name":"Janick Tagmann - Managing Partner | BERTAKOMM","isPartOf":{"@id":"https:\/\/bertakomm.ch\/#website"},"primaryImageOfPage":{"@id":"https:\/\/bertakomm.ch\/fr\/memre-equipe\/janick-tagmann\/#primaryimage"},"image":{"@id":"https:\/\/bertakomm.ch\/fr\/memre-equipe\/janick-tagmann\/#primaryimage"},"thumbnailUrl":"https:\/\/bertakomm.ch\/wp-content\/uploads\/2025\/02\/bertakomm_portraits_janick-4-72pixel-scaled.jpg","datePublished":"2025-02-24T15:12:05+00:00","dateModified":"2026-01-12T14:54:19+00:00","breadcrumb":{"@id":"https:\/\/bertakomm.ch\/fr\/memre-equipe\/janick-tagmann\/#breadcrumb"},"inLanguage":"fr-FR","potentialAction":[{"@type":"ReadAction","target":["https:\/\/bertakomm.ch\/fr\/memre-equipe\/janick-tagmann\/"]}]},{"@type":"ImageObject","inLanguage":"fr-FR","@id":"https:\/\/bertakomm.ch\/fr\/memre-equipe\/janick-tagmann\/#primaryimage","url":"https:\/\/bertakomm.ch\/wp-content\/uploads\/2025\/02\/bertakomm_portraits_janick-4-72pixel-scaled.jpg","contentUrl":"https:\/\/bertakomm.ch\/wp-content\/uploads\/2025\/02\/bertakomm_portraits_janick-4-72pixel-scaled.jpg","width":1707,"height":2560},{"@type":"BreadcrumbList","@id":"https:\/\/bertakomm.ch\/fr\/memre-equipe\/janick-tagmann\/#breadcrumb","itemListElement":[{"@type":"ListItem","position":1,"name":"Home","item":"https:\/\/bertakomm.ch\/fr\/"},{"@type":"ListItem","position":2,"name":"Mitarbeiter","item":"https:\/\/bertakomm.ch\/mitarbeiter\/"},{"@type":"ListItem","position":3,"name":"Janick Tagmann"}]},{"@type":"WebSite","@id":"https:\/\/bertakomm.ch\/#website","url":"https:\/\/bertakomm.ch\/","name":"BERTAKOMM","description":"Strategisch. Kreativ. Auf den Punkt.","publisher":{"@id":"https:\/\/bertakomm.ch\/#organization"},"potentialAction":[{"@type":"SearchAction","target":{"@type":"EntryPoint","urlTemplate":"https:\/\/bertakomm.ch\/?s={search_term_string}"},"query-input":{"@type":"PropertyValueSpecification","valueRequired":true,"valueName":"search_term_string"}}],"inLanguage":"fr-FR"},{"@type":"Organization","@id":"https:\/\/bertakomm.ch\/#organization","name":"BERTAKOMM","url":"https:\/\/bertakomm.ch\/","logo":{"@type":"ImageObject","inLanguage":"fr-FR","@id":"https:\/\/bertakomm.ch\/#\/schema\/logo\/image\/","url":"","contentUrl":"","caption":"BERTAKOMM"},"image":{"@id":"https:\/\/bertakomm.ch\/#\/schema\/logo\/image\/"},"sameAs":["https:\/\/www.instagram.com\/bertakomm\/","https:\/\/www.linkedin.com\/company\/bertakomm"],"mainEntityOfPage":{"@id":"https:\/\/bertakomm.ch\/fr\/memre-equipe\/janick-tagmann\/"},"description":"BERTAKOMM beherrscht die gesamte Klaviatur anspruchsvoller Kommunikation und bietet L\u00f6sungen aus einer Hand. Mit rund 40 Mitarbeitenden an Standorten in der ganzen Schweiz \u00fcbersetzen wir komplexe Inhalte in verst\u00e4ndliche Kommunikation \u2013 von der ersten Idee bis zur aussagekr\u00e4ftigen Visualisierung, von der konzisen Strategie bis zur reibungslosen Umsetzung.","email":"gruezi@bertakomm.ch","telephone":"+41445204080","legalName":"BERTA KOMM","foundingDate":"2025-01-01","numberOfEmployees":{"@type":"QuantitativeValue","minValue":"51","maxValue":"200"}}]}},"_links":{"self":[{"href":"https:\/\/bertakomm.ch\/fr\/wp-json\/wp\/v2\/mitarbeiter\/3281","targetHints":{"allow":["GET"]}}],"collection":[{"href":"https:\/\/bertakomm.ch\/fr\/wp-json\/wp\/v2\/mitarbeiter"}],"about":[{"href":"https:\/\/bertakomm.ch\/fr\/wp-json\/wp\/v2\/types\/mitarbeiter"}],"version-history":[{"count":2,"href":"https:\/\/bertakomm.ch\/fr\/wp-json\/wp\/v2\/mitarbeiter\/3281\/revisions"}],"predecessor-version":[{"id":3930,"href":"https:\/\/bertakomm.ch\/fr\/wp-json\/wp\/v2\/mitarbeiter\/3281\/revisions\/3930"}],"wp:featuredmedia":[{"embeddable":true,"href":"https:\/\/bertakomm.ch\/fr\/wp-json\/wp\/v2\/media\/2073"}],"wp:attachment":[{"href":"https:\/\/bertakomm.ch\/fr\/wp-json\/wp\/v2\/media?parent=3281"}],"wp:term":[{"taxonomy":"mitarbeiter_tag","embeddable":true,"href":"https:\/\/bertakomm.ch\/fr\/wp-json\/wp\/v2\/mitarbeiter_tag?post=3281"}],"curies":[{"name":"wp","href":"https:\/\/api.w.org\/{rel}","templated":true}]}}