{"id":2910,"date":"2025-02-24T11:07:50","date_gmt":"2025-02-24T10:07:50","guid":{"rendered":"https:\/\/dev.bertakomm-v3.berta-bewegt.ch\/angebot\/medien\/"},"modified":"2026-01-07T22:03:28","modified_gmt":"2026-01-07T21:03:28","slug":"medias","status":"publish","type":"angebot","link":"https:\/\/bertakomm.ch\/fr\/offre\/medias\/","title":{"rendered":"M\u00e9dias"},"content":{"rendered":"\n            <section class=\"text-narrow-block block-margins scrollMagic-square-bg-el-trigger\" id=\"\" data-uid=\"69ec7f054b2b3\">\n            <div class=\"text-narrow-block-inner-container\">\n                <div class=\"default-text-wrapper lead-text-wrapper\">\n                    <p>Des relations m\u00e9dias efficaces reposent sur la r\u00e9activit\u00e9 et une lecture fine des tendances. Nous suivons attentivement l\u2019environnement \u00e9conomique, politique et soci\u00e9tal de nos clients et d\u00e9ployons des actions cibl\u00e9es. Nous capitalisons sur les dynamiques positives et intervenons lorsque des \u00e9volutions d\u00e9favorables apparaissent. Nous mettons en relation des porte-parole solides et des histoires pertinentes, puis pla\u00e7ons les messages l\u00e0 o\u00f9 ils trouvent un \u00e9cho. De cette mani\u00e8re, nous focalisons l\u2019attention sur les sujets cl\u00e9s et renfor\u00e7ons la sensibilisation du public aux enjeux de nos clients.<\/p>\n                <\/div>\n\n                            <\/div>\n        <\/section>\n    \n\n\n\n\n\n\n\n\n    <section class=\"images-slider-block block-margins scrollMagic-square-bg-el-trigger\" id=\"\" data-uid=\"69ec7f054e929\">\n        \n                    <div class=\"images-as-block\">\n                                                            <div class=\"image-inner-container\">\n                            <div class=\"image-wrapper image-wrapper-left\" style=\"background-image: url('https:\/\/bertakomm.ch\/wp-content\/uploads\/2025\/02\/20251126_bk_website-2026_office-74-scaled.jpg')\">\n                                <img decoding=\"async\" src=\"https:\/\/bertakomm.ch\/wp-content\/themes\/bertakomm_new\/assets\/images\/placeholder_square.png\" alt=\"Placeholder\" \/>\n                            <\/div>\n                        <\/div>\n                                                                                <div class=\"image-inner-container\">\n                            <div class=\"image-wrapper image-wrapper-right\" style=\"background-image: url('https:\/\/bertakomm.ch\/wp-content\/uploads\/2025\/02\/20251126_bk_website-2026_office-21-scaled.jpg')\">\n                                <img decoding=\"async\" src=\"https:\/\/bertakomm.ch\/wp-content\/themes\/bertakomm_new\/assets\/images\/placeholder_square.png\" alt=\"Placeholder\" \/>\n                            <\/div>\n                        <\/div>\n                                                <\/div>\n            <\/section>\n\n\n\n\n\n\n\n            <section class=\"points-block block-margins scrollMagic-square-bg-el-trigger\" id=\"\" data-uid=\"69ec7f054ee7d\">\n            <div class=\"points-cards\">\n                            <div class=\"point-card\">\n                    <div class=\"point-card-inner-wrapper\">\n                        <div>\n                                                            <div class=\"point-card-title-wrapper \">\n                                    <h3 class=\"text-orange mb_0\">\n                                        Storytelling                                    <\/h3>\n                                <\/div>\n                            \n                            \n                                                            <div class=\"small-text-wrapper default-text-wrapper medium-text-wrapper\">\n                                    <p class=\"mb_0\">En anticipant les dynamiques soci\u00e9tales, politiques et \u00e9conomiques, nous rep\u00e9rons les th\u00e8mes \u00e9mergents et les transformons en storytelling strat\u00e9gique \u00e0 fort impact.<\/p>\n                                <\/div>\n                            \n                                                    <\/div>\n                    <\/div>\n                <\/div>\n                            <div class=\"point-card\">\n                    <div class=\"point-card-inner-wrapper\">\n                        <div>\n                                                            <div class=\"point-card-title-wrapper \">\n                                    <h3 class=\"text-orange mb_0\">\n                                        Communication de crise                                    <\/h3>\n                                <\/div>\n                            \n                            \n                                                            <div class=\"small-text-wrapper default-text-wrapper medium-text-wrapper\">\n                                    <p class=\"mb_0\">Nous r\u00e9pondons vite et de mani\u00e8re r\u00e9fl\u00e9chie aux \u00e9volutions d\u00e9favorables. Nous prot\u00e9geons ainsi la r\u00e9putation et consolidons durablement la position de nos clients.<\/p>\n                                <\/div>\n                            \n                                                    <\/div>\n                    <\/div>\n                <\/div>\n                            <div class=\"point-card\">\n                    <div class=\"point-card-inner-wrapper\">\n                        <div>\n                                                            <div class=\"point-card-title-wrapper \">\n                                    <h3 class=\"text-orange mb_0\">\n                                        Coaching                                    <\/h3>\n                                <\/div>\n                            \n                            \n                                                            <div class=\"small-text-wrapper default-text-wrapper medium-text-wrapper\">\n                                    <p class=\"mb_0\">La pr\u00e9sence dans les m\u00e9dias se travaille. Avec des media trainings sur mesure en studio, nous pr\u00e9parons nos clients \u00e0 leurs prises de parole en public et dans les m\u00e9dias.<\/p>\n                                <\/div>\n                            \n                                                    <\/div>\n                    <\/div>\n                <\/div>\n                            <div class=\"point-card\">\n                    <div class=\"point-card-inner-wrapper\">\n                        <div>\n                                                            <div class=\"point-card-title-wrapper \">\n                                    <h3 class=\"text-orange mb_0\">\n                                        Positionnement                                    <\/h3>\n                                <\/div>\n                            \n                            \n                                                            <div class=\"small-text-wrapper default-text-wrapper medium-text-wrapper\">\n                                    <p class=\"mb_0\">Nous adaptons les contenus aux exigences des m\u00e9dias et les diffusons de mani\u00e8re cibl\u00e9e. Nous renfor\u00e7ons la visibilit\u00e9 et consolidons la confiance dans nos clients au moment opportun.<\/p>\n                                <\/div>\n                            \n                                                    <\/div>\n                    <\/div>\n                <\/div>\n                        <\/div>\n        <\/section>\n    \n\n\n\n\n\n\n            <section class=\"flexible-image-block image-full-width-block  image-with-hover scrollMagic-square-bg-el-trigger\" id=\"\" data-uid=\"69ec7f05504a5\">\n            <div class=\"image-wrapper\">\n                <div class=\"image-bg\" style=\"background-image: url('https:\/\/bertakomm.ch\/wp-content\/uploads\/2025\/02\/studio_zuerich-8-scaled.jpg')\"><\/div>\n\n                                    <div class=\"image-filter image-filter-bottom\"><\/div>\n                \n                                    <img decoding=\"async\" src=\"https:\/\/bertakomm.ch\/wp-content\/themes\/bertakomm_new\/assets\/images\/image_21_9_big.png\" class=\"image-big\" alt=\"Format\" \/>\n                    <img decoding=\"async\" src=\"https:\/\/bertakomm.ch\/wp-content\/themes\/bertakomm_new\/assets\/images\/image_21_9.png\" class=\"image-desk\" alt=\"Format\" \/>\n                    <img decoding=\"async\" src=\"https:\/\/bertakomm.ch\/wp-content\/themes\/bertakomm_new\/assets\/images\/image_4_3.png\" class=\"image-mob\" alt=\"Format\" \/>\n                            <\/div>\n\n                            <div class=\"image-text-wrapper image-text-wrapper-bottom\">\n                    \n                                            <div class=\"default-text-wrapper-white-with-orange-strong lead-text-wrapper\">\n                            <p>Bureau Zurich<\/p>\n                        <\/div>\n                                    <\/div>\n                    <\/section>\n    \n\n\n\n","protected":false},"featured_media":0,"template":"","class_list":["post-2910","angebot","type-angebot","status-publish","hentry"],"acf":[],"yoast_head":"<!-- This site is optimized with the Yoast SEO Premium plugin v27.2 (Yoast SEO v27.2) - https:\/\/yoast.com\/product\/yoast-seo-premium-wordpress\/ -->\n<title>M\u00e9dias \u2013 votre histoire dans les bons canaux | BERTAKOMM<\/title>\n<meta name=\"description\" content=\"Nous portons vos sujets dans les m\u00e9dias : des communiqu\u00e9s de presse aux interviews, en passant par la strat\u00e9gie m\u00e9diatique \u2013 pour plus de visibilit\u00e9 et d\u2019impact.\" \/>\n<meta name=\"robots\" content=\"index, follow, max-snippet:-1, max-image-preview:large, max-video-preview:-1\" \/>\n<link rel=\"canonical\" href=\"https:\/\/bertakomm.ch\/fr\/offre\/medias\/\" \/>\n<meta property=\"og:locale\" content=\"fr_FR\" \/>\n<meta property=\"og:type\" content=\"article\" \/>\n<meta property=\"og:title\" content=\"M\u00e9dias\" \/>\n<meta property=\"og:description\" content=\"Nous portons vos sujets dans les m\u00e9dias : des communiqu\u00e9s de presse aux interviews, en passant par la strat\u00e9gie m\u00e9diatique \u2013 pour plus de visibilit\u00e9 et d\u2019impact.\" \/>\n<meta property=\"og:url\" content=\"https:\/\/bertakomm.ch\/fr\/offre\/medias\/\" \/>\n<meta property=\"og:site_name\" content=\"BERTAKOMM\" \/>\n<meta property=\"article:modified_time\" content=\"2026-01-07T21:03:28+00:00\" \/>\n<meta property=\"og:image\" content=\"https:\/\/bertakomm.ch\/wp-content\/uploads\/2025\/05\/Mikrofon-Orange-600x315.png\" \/>\n<meta name=\"twitter:card\" content=\"summary_large_image\" \/>\n<meta name=\"twitter:label1\" content=\"Est. reading time\" \/>\n\t<meta name=\"twitter:data1\" content=\"2 minutes\" \/>\n<!-- \/ Yoast SEO Premium plugin. -->","yoast_head_json":{"title":"M\u00e9dias \u2013 votre histoire dans les bons canaux | BERTAKOMM","description":"Nous portons vos sujets dans les m\u00e9dias : des communiqu\u00e9s de presse aux interviews, en passant par la strat\u00e9gie m\u00e9diatique \u2013 pour plus de visibilit\u00e9 et d\u2019impact.","robots":{"index":"index","follow":"follow","max-snippet":"max-snippet:-1","max-image-preview":"max-image-preview:large","max-video-preview":"max-video-preview:-1"},"canonical":"https:\/\/bertakomm.ch\/fr\/offre\/medias\/","og_locale":"fr_FR","og_type":"article","og_title":"M\u00e9dias","og_description":"Nous portons vos sujets dans les m\u00e9dias : des communiqu\u00e9s de presse aux interviews, en passant par la strat\u00e9gie m\u00e9diatique \u2013 pour plus de visibilit\u00e9 et d\u2019impact.","og_url":"https:\/\/bertakomm.ch\/fr\/offre\/medias\/","og_site_name":"BERTAKOMM","article_modified_time":"2026-01-07T21:03:28+00:00","og_image":[{"url":"https:\/\/bertakomm.ch\/wp-content\/uploads\/2025\/05\/Mikrofon-Orange-600x315.png","type":"","width":"","height":""}],"twitter_card":"summary_large_image","twitter_misc":{"Est. reading time":"2 minutes"},"schema":{"@context":"https:\/\/schema.org","@graph":[{"@type":"WebPage","@id":"https:\/\/bertakomm.ch\/fr\/offre\/medias\/","url":"https:\/\/bertakomm.ch\/fr\/offre\/medias\/","name":"M\u00e9dias \u2013 votre histoire dans les bons canaux | BERTAKOMM","isPartOf":{"@id":"https:\/\/bertakomm.ch\/#website"},"datePublished":"2025-02-24T10:07:50+00:00","dateModified":"2026-01-07T21:03:28+00:00","description":"Nous portons vos sujets dans les m\u00e9dias : des communiqu\u00e9s de presse aux interviews, en passant par la strat\u00e9gie m\u00e9diatique \u2013 pour plus de visibilit\u00e9 et d\u2019impact.","breadcrumb":{"@id":"https:\/\/bertakomm.ch\/fr\/offre\/medias\/#breadcrumb"},"inLanguage":"fr-FR","potentialAction":[{"@type":"ReadAction","target":["https:\/\/bertakomm.ch\/fr\/offre\/medias\/"]}]},{"@type":"BreadcrumbList","@id":"https:\/\/bertakomm.ch\/fr\/offre\/medias\/#breadcrumb","itemListElement":[{"@type":"ListItem","position":1,"name":"Home","item":"https:\/\/bertakomm.ch\/fr\/"},{"@type":"ListItem","position":2,"name":"Angebote","item":"https:\/\/bertakomm.ch\/angebot\/"},{"@type":"ListItem","position":3,"name":"M\u00e9dias"}]},{"@type":"WebSite","@id":"https:\/\/bertakomm.ch\/#website","url":"https:\/\/bertakomm.ch\/","name":"BERTAKOMM","description":"Strategisch. Kreativ. Auf den Punkt.","publisher":{"@id":"https:\/\/bertakomm.ch\/#organization"},"potentialAction":[{"@type":"SearchAction","target":{"@type":"EntryPoint","urlTemplate":"https:\/\/bertakomm.ch\/?s={search_term_string}"},"query-input":{"@type":"PropertyValueSpecification","valueRequired":true,"valueName":"search_term_string"}}],"inLanguage":"fr-FR"},{"@type":"Organization","@id":"https:\/\/bertakomm.ch\/#organization","name":"BERTAKOMM","url":"https:\/\/bertakomm.ch\/","logo":{"@type":"ImageObject","inLanguage":"fr-FR","@id":"https:\/\/bertakomm.ch\/#\/schema\/logo\/image\/","url":"","contentUrl":"","caption":"BERTAKOMM"},"image":{"@id":"https:\/\/bertakomm.ch\/#\/schema\/logo\/image\/"},"sameAs":["https:\/\/www.instagram.com\/bertakomm\/","https:\/\/www.linkedin.com\/company\/bertakomm"],"description":"BERTAKOMM beherrscht die gesamte Klaviatur anspruchsvoller Kommunikation und bietet L\u00f6sungen aus einer Hand. Mit rund 40 Mitarbeitenden an Standorten in der ganzen Schweiz \u00fcbersetzen wir komplexe Inhalte in verst\u00e4ndliche Kommunikation \u2013 von der ersten Idee bis zur aussagekr\u00e4ftigen Visualisierung, von der konzisen Strategie bis zur reibungslosen Umsetzung.","email":"gruezi@bertakomm.ch","telephone":"+41445204080","legalName":"BERTA KOMM","foundingDate":"2025-01-01","numberOfEmployees":{"@type":"QuantitativeValue","minValue":"51","maxValue":"200"}}]}},"_links":{"self":[{"href":"https:\/\/bertakomm.ch\/fr\/wp-json\/wp\/v2\/angebot\/2910","targetHints":{"allow":["GET"]}}],"collection":[{"href":"https:\/\/bertakomm.ch\/fr\/wp-json\/wp\/v2\/angebot"}],"about":[{"href":"https:\/\/bertakomm.ch\/fr\/wp-json\/wp\/v2\/types\/angebot"}],"version-history":[{"count":7,"href":"https:\/\/bertakomm.ch\/fr\/wp-json\/wp\/v2\/angebot\/2910\/revisions"}],"predecessor-version":[{"id":6036,"href":"https:\/\/bertakomm.ch\/fr\/wp-json\/wp\/v2\/angebot\/2910\/revisions\/6036"}],"wp:attachment":[{"href":"https:\/\/bertakomm.ch\/fr\/wp-json\/wp\/v2\/media?parent=2910"}],"curies":[{"name":"wp","href":"https:\/\/api.w.org\/{rel}","templated":true}]}}